{"id":4211,"date":"2024-01-22T12:56:41","date_gmt":"2024-01-22T10:56:41","guid":{"rendered":"https:\/\/digimuseo.fi\/nayttelyt\/arvet-fran-ostersjon\/"},"modified":"2024-03-22T15:02:30","modified_gmt":"2024-03-22T13:02:30","slug":"arvet-fran-ostersjon","status":"publish","type":"product","link":"https:\/\/digimuseo.fi\/sv\/utstallningar\/arvet-fran-ostersjon\/","title":{"rendered":"Arvet fr\u00e5n \u00d6stersj\u00f6n"},"content":{"rendered":"<p>Myter, hot, mod, hopp och tacksamhet \u00e4r utst\u00e4llningens samlande teman. Utst\u00e4llningen ber\u00e4ttar den dramatiska historien om M\/S <em>Leenas<\/em> \u00f6de och som bes\u00f6kare kan du studera mytiska nordiska kartor, dyka ner i r\u00e4ddningsarbetet bland bl\u00e5gr\u00f6na alger, beundra storslagen maritim konst och testa vad var och en kan g\u00f6ra f\u00f6r att r\u00e4dda \u00d6stersj\u00f6n. Avslutningsvis riktas ett tack till den unika \u00d6stersj\u00f6n.<\/p>\n","protected":false},"excerpt":{"rendered":"<p>John Nurminens Stiftelses utst\u00e4llning <strong>Arvet fr\u00e5n \u00d6stersj\u00f6n<\/strong> presenterar stiftelsens samling av maritim kultur och dess milj\u00f6arbete samt ber\u00e4ttar de bakomliggande historierna. Den virtuella utst\u00e4llningen \u00e4r avsedd f\u00f6r alla som \u00e4r intresserade av maritim kultur och av att r\u00e4dda \u00d6stersj\u00f6n. Stiftelsens mission \u00e4r att r\u00e4dda \u00d6stersj\u00f6n och dess arv f\u00f6r kommande generationer.<\/p>\n","protected":false},"featured_media":4071,"template":"","meta":{"_acf_changed":false},"product_brand":[],"product_cat":[75],"product_tag":[],"school_subject":[],"school_level":[],"class_list":{"0":"post-4211","1":"product","2":"type-product","3":"status-publish","4":"has-post-thumbnail","6":"product_cat-yleinen-sv","7":"museums-john-nurminens-stiftelse","8":"exhibition_themes-special","10":"first","11":"instock","12":"virtual","13":"sold-individually","14":"taxable","15":"product-type-basic_museum"},"acf":[],"yoast_head":"<!-- This site is optimized with the Yoast SEO plugin v27.4 - https:\/\/yoast.com\/product\/yoast-seo-wordpress\/ -->\n<title>Arvet fr\u00e5n \u00d6stersj\u00f6n - Digital museum<\/title>\n<meta name=\"robots\" content=\"index, follow, max-snippet:-1, max-image-preview:large, max-video-preview:-1\" \/>\n<link rel=\"canonical\" href=\"https:\/\/digimuseo.fi\/sv\/utstallningar\/arvet-fran-ostersjon\/\" \/>\n<meta property=\"og:locale\" content=\"sv_SE\" \/>\n<meta property=\"og:type\" content=\"article\" \/>\n<meta property=\"og:title\" content=\"Arvet fr\u00e5n \u00d6stersj\u00f6n - Digital museum\" \/>\n<meta property=\"og:description\" content=\"John Nurminens Stiftelses utst\u00e4llning Arvet fr\u00e5n \u00d6stersj\u00f6n presenterar stiftelsens samling av maritim kultur och dess milj\u00f6arbete samt ber\u00e4ttar de bakomliggande historierna. Den virtuella utst\u00e4llningen \u00e4r avsedd f\u00f6r alla som \u00e4r intresserade av maritim kultur och av att r\u00e4dda \u00d6stersj\u00f6n. Stiftelsens mission \u00e4r att r\u00e4dda \u00d6stersj\u00f6n och dess arv f\u00f6r kommande generationer.\" \/>\n<meta property=\"og:url\" content=\"https:\/\/digimuseo.fi\/sv\/utstallningar\/arvet-fran-ostersjon\/\" \/>\n<meta property=\"og:site_name\" content=\"Digital museum\" \/>\n<meta property=\"article:modified_time\" content=\"2024-03-22T13:02:30+00:00\" \/>\n<meta property=\"og:image\" content=\"https:\/\/digimuseo.fi\/wp-content\/uploads\/2024\/01\/Itameren-perinto_tunnus3-kopio.jpg\" \/>\n\t<meta property=\"og:image:width\" content=\"1080\" \/>\n\t<meta property=\"og:image:height\" content=\"1080\" \/>\n\t<meta property=\"og:image:type\" content=\"image\/jpeg\" \/>\n<meta name=\"twitter:card\" content=\"summary_large_image\" \/>\n<meta name=\"twitter:label1\" content=\"Ber\u00e4knad l\u00e4stid\" \/>\n\t<meta name=\"twitter:data1\" content=\"1 minut\" \/>\n<script type=\"application\/ld+json\" class=\"yoast-schema-graph\">{\"@context\":\"https:\\\/\\\/schema.org\",\"@graph\":[{\"@type\":\"WebPage\",\"@id\":\"https:\\\/\\\/digimuseo.fi\\\/sv\\\/utstallningar\\\/arvet-fran-ostersjon\\\/\",\"url\":\"https:\\\/\\\/digimuseo.fi\\\/sv\\\/utstallningar\\\/arvet-fran-ostersjon\\\/\",\"name\":\"Arvet fr\u00e5n \u00d6stersj\u00f6n - Digital museum\",\"isPartOf\":{\"@id\":\"https:\\\/\\\/digimuseo.fi\\\/en\\\/#website\"},\"primaryImageOfPage\":{\"@id\":\"https:\\\/\\\/digimuseo.fi\\\/sv\\\/utstallningar\\\/arvet-fran-ostersjon\\\/#primaryimage\"},\"image\":{\"@id\":\"https:\\\/\\\/digimuseo.fi\\\/sv\\\/utstallningar\\\/arvet-fran-ostersjon\\\/#primaryimage\"},\"thumbnailUrl\":\"https:\\\/\\\/digimuseo.fi\\\/wp-content\\\/uploads\\\/2024\\\/01\\\/Itameren-perinto_tunnus3-kopio.jpg\",\"datePublished\":\"2024-01-22T10:56:41+00:00\",\"dateModified\":\"2024-03-22T13:02:30+00:00\",\"breadcrumb\":{\"@id\":\"https:\\\/\\\/digimuseo.fi\\\/sv\\\/utstallningar\\\/arvet-fran-ostersjon\\\/#breadcrumb\"},\"inLanguage\":\"sv-SE\",\"potentialAction\":[{\"@type\":\"ReadAction\",\"target\":[\"https:\\\/\\\/digimuseo.fi\\\/sv\\\/utstallningar\\\/arvet-fran-ostersjon\\\/\"]}]},{\"@type\":\"ImageObject\",\"inLanguage\":\"sv-SE\",\"@id\":\"https:\\\/\\\/digimuseo.fi\\\/sv\\\/utstallningar\\\/arvet-fran-ostersjon\\\/#primaryimage\",\"url\":\"https:\\\/\\\/digimuseo.fi\\\/wp-content\\\/uploads\\\/2024\\\/01\\\/Itameren-perinto_tunnus3-kopio.jpg\",\"contentUrl\":\"https:\\\/\\\/digimuseo.fi\\\/wp-content\\\/uploads\\\/2024\\\/01\\\/Itameren-perinto_tunnus3-kopio.jpg\",\"width\":1080,\"height\":1080,\"caption\":\"Bild: Raimo Sundelin\"},{\"@type\":\"BreadcrumbList\",\"@id\":\"https:\\\/\\\/digimuseo.fi\\\/sv\\\/utstallningar\\\/arvet-fran-ostersjon\\\/#breadcrumb\",\"itemListElement\":[{\"@type\":\"ListItem\",\"position\":1,\"name\":\"Home\",\"item\":\"https:\\\/\\\/digimuseo.fi\\\/sv\\\/\"},{\"@type\":\"ListItem\",\"position\":2,\"name\":\"Tuotteet\",\"item\":\"https:\\\/\\\/digimuseo.fi\\\/nayttelyt\\\/\"},{\"@type\":\"ListItem\",\"position\":3,\"name\":\"Arvet fr\u00e5n \u00d6stersj\u00f6n\"}]},{\"@type\":\"WebSite\",\"@id\":\"https:\\\/\\\/digimuseo.fi\\\/en\\\/#website\",\"url\":\"https:\\\/\\\/digimuseo.fi\\\/en\\\/\",\"name\":\"Digital museum\",\"description\":\"G\u00e5 in fr\u00e5n ditt vardagsrum\",\"potentialAction\":[{\"@type\":\"SearchAction\",\"target\":{\"@type\":\"EntryPoint\",\"urlTemplate\":\"https:\\\/\\\/digimuseo.fi\\\/en\\\/?s={search_term_string}\"},\"query-input\":{\"@type\":\"PropertyValueSpecification\",\"valueRequired\":true,\"valueName\":\"search_term_string\"}}],\"inLanguage\":\"sv-SE\"}]}<\/script>\n<!-- \/ Yoast SEO plugin. -->","yoast_head_json":{"title":"Arvet fr\u00e5n \u00d6stersj\u00f6n - Digital museum","robots":{"index":"index","follow":"follow","max-snippet":"max-snippet:-1","max-image-preview":"max-image-preview:large","max-video-preview":"max-video-preview:-1"},"canonical":"https:\/\/digimuseo.fi\/sv\/utstallningar\/arvet-fran-ostersjon\/","og_locale":"sv_SE","og_type":"article","og_title":"Arvet fr\u00e5n \u00d6stersj\u00f6n - Digital museum","og_description":"John Nurminens Stiftelses utst\u00e4llning Arvet fr\u00e5n \u00d6stersj\u00f6n presenterar stiftelsens samling av maritim kultur och dess milj\u00f6arbete samt ber\u00e4ttar de bakomliggande historierna. Den virtuella utst\u00e4llningen \u00e4r avsedd f\u00f6r alla som \u00e4r intresserade av maritim kultur och av att r\u00e4dda \u00d6stersj\u00f6n. Stiftelsens mission \u00e4r att r\u00e4dda \u00d6stersj\u00f6n och dess arv f\u00f6r kommande generationer.","og_url":"https:\/\/digimuseo.fi\/sv\/utstallningar\/arvet-fran-ostersjon\/","og_site_name":"Digital museum","article_modified_time":"2024-03-22T13:02:30+00:00","og_image":[{"width":1080,"height":1080,"url":"https:\/\/digimuseo.fi\/wp-content\/uploads\/2024\/01\/Itameren-perinto_tunnus3-kopio.jpg","type":"image\/jpeg"}],"twitter_card":"summary_large_image","twitter_misc":{"Ber\u00e4knad l\u00e4stid":"1 minut"},"schema":{"@context":"https:\/\/schema.org","@graph":[{"@type":"WebPage","@id":"https:\/\/digimuseo.fi\/sv\/utstallningar\/arvet-fran-ostersjon\/","url":"https:\/\/digimuseo.fi\/sv\/utstallningar\/arvet-fran-ostersjon\/","name":"Arvet fr\u00e5n \u00d6stersj\u00f6n - Digital museum","isPartOf":{"@id":"https:\/\/digimuseo.fi\/en\/#website"},"primaryImageOfPage":{"@id":"https:\/\/digimuseo.fi\/sv\/utstallningar\/arvet-fran-ostersjon\/#primaryimage"},"image":{"@id":"https:\/\/digimuseo.fi\/sv\/utstallningar\/arvet-fran-ostersjon\/#primaryimage"},"thumbnailUrl":"https:\/\/digimuseo.fi\/wp-content\/uploads\/2024\/01\/Itameren-perinto_tunnus3-kopio.jpg","datePublished":"2024-01-22T10:56:41+00:00","dateModified":"2024-03-22T13:02:30+00:00","breadcrumb":{"@id":"https:\/\/digimuseo.fi\/sv\/utstallningar\/arvet-fran-ostersjon\/#breadcrumb"},"inLanguage":"sv-SE","potentialAction":[{"@type":"ReadAction","target":["https:\/\/digimuseo.fi\/sv\/utstallningar\/arvet-fran-ostersjon\/"]}]},{"@type":"ImageObject","inLanguage":"sv-SE","@id":"https:\/\/digimuseo.fi\/sv\/utstallningar\/arvet-fran-ostersjon\/#primaryimage","url":"https:\/\/digimuseo.fi\/wp-content\/uploads\/2024\/01\/Itameren-perinto_tunnus3-kopio.jpg","contentUrl":"https:\/\/digimuseo.fi\/wp-content\/uploads\/2024\/01\/Itameren-perinto_tunnus3-kopio.jpg","width":1080,"height":1080,"caption":"Bild: Raimo Sundelin"},{"@type":"BreadcrumbList","@id":"https:\/\/digimuseo.fi\/sv\/utstallningar\/arvet-fran-ostersjon\/#breadcrumb","itemListElement":[{"@type":"ListItem","position":1,"name":"Home","item":"https:\/\/digimuseo.fi\/sv\/"},{"@type":"ListItem","position":2,"name":"Tuotteet","item":"https:\/\/digimuseo.fi\/nayttelyt\/"},{"@type":"ListItem","position":3,"name":"Arvet fr\u00e5n \u00d6stersj\u00f6n"}]},{"@type":"WebSite","@id":"https:\/\/digimuseo.fi\/en\/#website","url":"https:\/\/digimuseo.fi\/en\/","name":"Digital museum","description":"G\u00e5 in fr\u00e5n ditt vardagsrum","potentialAction":[{"@type":"SearchAction","target":{"@type":"EntryPoint","urlTemplate":"https:\/\/digimuseo.fi\/en\/?s={search_term_string}"},"query-input":{"@type":"PropertyValueSpecification","valueRequired":true,"valueName":"search_term_string"}}],"inLanguage":"sv-SE"}]}},"_links":{"self":[{"href":"https:\/\/digimuseo.fi\/sv\/wp-json\/wp\/v2\/product\/4211","targetHints":{"allow":["GET"]}}],"collection":[{"href":"https:\/\/digimuseo.fi\/sv\/wp-json\/wp\/v2\/product"}],"about":[{"href":"https:\/\/digimuseo.fi\/sv\/wp-json\/wp\/v2\/types\/product"}],"wp:featuredmedia":[{"embeddable":true,"href":"https:\/\/digimuseo.fi\/sv\/wp-json\/wp\/v2\/media\/4071"}],"wp:attachment":[{"href":"https:\/\/digimuseo.fi\/sv\/wp-json\/wp\/v2\/media?parent=4211"}],"wp:term":[{"taxonomy":"product_brand","embeddable":true,"href":"https:\/\/digimuseo.fi\/sv\/wp-json\/wp\/v2\/product_brand?post=4211"},{"taxonomy":"product_cat","embeddable":true,"href":"https:\/\/digimuseo.fi\/sv\/wp-json\/wp\/v2\/product_cat?post=4211"},{"taxonomy":"product_tag","embeddable":true,"href":"https:\/\/digimuseo.fi\/sv\/wp-json\/wp\/v2\/product_tag?post=4211"},{"taxonomy":"school_subject","embeddable":true,"href":"https:\/\/digimuseo.fi\/sv\/wp-json\/wp\/v2\/school_subject?post=4211"},{"taxonomy":"school_level","embeddable":true,"href":"https:\/\/digimuseo.fi\/sv\/wp-json\/wp\/v2\/school_level?post=4211"}],"curies":[{"name":"wp","href":"https:\/\/api.w.org\/{rel}","templated":true}]}}